{"id":43,"date":"2019-03-07T21:30:55","date_gmt":"2019-03-07T21:30:55","guid":{"rendered":"https:\/\/www.peters-catering.de\/?page_id=43"},"modified":"2024-02-07T00:06:39","modified_gmt":"2024-02-07T00:06:39","slug":"tischreservierung","status":"publish","type":"page","link":"https:\/\/www.peters-catering.de\/?page_id=43","title":{"rendered":"Galerie"},"content":{"rendered":"\n<p><\/p>\n\n\n\nngg_shortcode_0_placeholder\n\n\n\n<p>Unsere Bildergalerie nimmt Sie mit auf eine visuelle Reise durch die einladenden R\u00e4umlichkeiten, die kulinarischen Highlights und die unvergleichliche Atmosph\u00e4re, die unser Restaurant zu einem besonderen Ort macht.<\/p>\n\n\n\n<p><strong>Genie\u00dfen Sie unsere Gastfreundschaft im Freien<\/strong><\/p>\n\n\n\n<p>In der warmen Jahreszeit \u00f6ffnen wir unsere T\u00fcren auch nach drau\u00dfen und laden Sie ein, unsere Gastfreundschaft unter freiem Himmel zu genie\u00dfen. Entspannen Sie in unserem wundersch\u00f6n gestalteten Au\u00dfenbereich, der perfekt ist, um die Sonne und die frische Luft zu genie\u00dfen, w\u00e4hrend Sie sich an unseren kulinarischen K\u00f6stlichkeiten erfreuen. Es ist der ideale Ort, um die Sommermonate in vollen Z\u00fcgen zu genie\u00dfen.<\/p>\n\n\n\n<p><strong>Der Innenbereich \u2013 Ihr ganzj\u00e4hriges kulinarisches Ziel<\/strong><\/p>\n\n\n\n<p>Unser Innenbereich hei\u00dft Sie das ganze Jahr \u00fcber willkommen. Mit seinem gem\u00fctlichen und einladenden Ambiente ist er der perfekte Ort f\u00fcr ein romantisches Abendessen, ein Familientreffen oder ein entspanntes Beisammensein mit Freunden. Unsere Inneneinrichtung spiegelt die W\u00e4rme und Herzlichkeit wider, die Sie in unserem Service finden.<\/p>\n\n\n\n<p><strong>Exklusive Veranstaltungen in geschlossener Gesellschaft<\/strong><\/p>\n\n\n\n<p>F\u00fcr besondere Anl\u00e4sse bieten wir Ihnen die M\u00f6glichkeit, unser Restaurant f\u00fcr geschlossene Gesellschaften zu buchen. Ob f\u00fcr Geburtstage, Hochzeiten oder Firmenveranstaltungen \u2013 wir gestalten Ihre Feier nach Ihren W\u00fcnschen und sorgen daf\u00fcr, dass Ihr Event unvergesslich wird.<\/p>\n\n\n\n<p><strong>Aktionswochen: Ein kulinarischer Trip um die Welt<\/strong><\/p>\n\n\n\n<p>Tauchen Sie ein in die Welt der Aromen mit unseren derzeitigen Aktionswochen, die voller K\u00f6stlichkeiten aus aller Welt sind. Jede Woche entf\u00fchren wir Sie in eine andere Region und bieten Ihnen eine exklusive Auswahl an Gerichten, die die Vielfalt und den Reichtum globaler K\u00fcchen zelebrieren. Es ist eine hervorragende Gelegenheit, neue Geschm\u00e4cker zu entdecken und sich von den authentischen Rezepten und Zutaten inspirieren zu lassen.<\/p>\n\n\n\n<p>Durchst\u00f6bern Sie unsere Galerie und bekommen Sie einen Vorgeschmack darauf, was Sie bei einem Besuch bei uns erwartet. Wir freuen uns darauf, Sie bald pers\u00f6nlich begr\u00fc\u00dfen zu d\u00fcrfen und Ihnen ein unvergleichliches gastronomisches Erlebnis zu bieten.<\/p>\n","protected":false},"excerpt":{"rendered":"<p>Unsere Bildergalerie nimmt Sie mit auf eine visuelle Reise durch die einladenden R\u00e4umlichkeiten, die kulinarischen Highlights und die unvergleichliche Atmosph\u00e4re, die unser Restaurant zu einem besonderen Ort macht. Genie\u00dfen Sie unsere Gastfreundschaft im Freien In der warmen Jahreszeit \u00f6ffnen wir unsere T\u00fcren auch nach drau\u00dfen und laden Sie ein, unsere Gastfreundschaft unter freiem Himmel zu [&hellip;]<\/p>\n<div class=\"shariff shariff-align-center shariff-widget-align-center\" style=\"display:none\" data-services=\"facebook\" data-url=\"https%3A%2F%2Fwww.peters-catering.de%2F%3Fpage_id%3D43\" data-timestamp=\"1707264399\" data-hidezero=\"1\" data-backendurl=\"?rest_route=\/shariff\/v1\/share_counts&\"><ul class=\"shariff-buttons theme-white orientation-horizontal buttonsize-medium\"><li class=\"shariff-button mastodon shariff-nocustomcolor\" style=\"background-color:#563ACC\"><a href=\"https:\/\/s2f.kytta.dev\/?text=Galerie https%3A%2F%2Fwww.peters-catering.de%2F%3Fpage_id%3D43\" title=\"Bei Mastodon teilen\" aria-label=\"Bei Mastodon teilen\" role=\"button\" rel=\"noopener nofollow\" class=\"shariff-link\" style=\"; background-color:#6364FF; color:#6364FF\" target=\"_blank\"><span class=\"shariff-icon\" style=\"fill:#6364FF\"><svg width=\"75\" height=\"79\" viewBox=\"0 0 75 79\" fill=\"none\" xmlns=\"http:\/\/www.w3.org\/2000\/svg\"><path d=\"M37.813-.025C32.462-.058 27.114.13 21.79.598c-8.544.621-17.214 5.58-20.203 13.931C-1.12 23.318.408 32.622.465 41.65c.375 7.316.943 14.78 3.392 21.73 4.365 9.465 14.781 14.537 24.782 15.385 7.64.698 15.761-.213 22.517-4.026a54.1 54.1 0 0 0 .01-6.232c-6.855 1.316-14.101 2.609-21.049 1.074-3.883-.88-6.876-4.237-7.25-8.215-1.53-3.988 3.78-.43 5.584-.883 9.048 1.224 18.282.776 27.303-.462 7.044-.837 14.26-4.788 16.65-11.833 2.263-6.135 1.215-12.79 1.698-19.177.06-3.84.09-7.692-.262-11.52C72.596 7.844 63.223.981 53.834.684a219.453 219.453 0 0 0-16.022-.71zm11.294 12.882c5.5-.067 10.801 4.143 11.67 9.653.338 1.48.471 3 .471 4.515v21.088h-8.357c-.07-7.588.153-15.182-.131-22.765-.587-4.368-7.04-5.747-9.672-2.397-2.422 3.04-1.47 7.155-1.67 10.735v6.392h-8.307c-.146-4.996.359-10.045-.404-15.002-1.108-4.218-7.809-5.565-10.094-1.666-1.685 3.046-.712 6.634-.976 9.936v14.767h-8.354c.109-8.165-.238-16.344.215-24.5.674-5.346 5.095-10.389 10.676-10.627 4.902-.739 10.103 2.038 12.053 6.631.375 1.435 1.76 1.932 1.994.084 1.844-3.704 5.501-6.739 9.785-6.771.367-.044.735-.068 1.101-.073z\"\/><defs><linearGradient id=\"paint0_linear_549_34\" x1=\"37.0692\" y1=\"0\" x2=\"37.0692\" y2=\"79\" gradientUnits=\"userSpaceOnUse\"><stop stop-color=\"#6364FF\"\/><stop offset=\"1\" stop-color=\"#563ACC\"\/><\/linearGradient><\/defs><\/svg><\/span><span class=\"shariff-text\" style=\"color:#6364FF\">teilen<\/span>&nbsp;<\/a><\/li><li class=\"shariff-button facebook shariff-nocustomcolor\" style=\"background-color:#4273c8\"><a href=\"https:\/\/www.facebook.com\/sharer\/sharer.php?u=https%3A%2F%2Fwww.peters-catering.de%2F%3Fpage_id%3D43\" title=\"Bei Facebook teilen\" aria-label=\"Bei Facebook teilen\" role=\"button\" rel=\"nofollow\" class=\"shariff-link\" style=\"; background-color:#3b5998; color:#3b5998\" target=\"_blank\"><span class=\"shariff-icon\" style=\"fill:#3b5998\"><svg width=\"32px\" height=\"20px\" xmlns=\"http:\/\/www.w3.org\/2000\/svg\" viewBox=\"0 0 18 32\"><path fill=\"#3b5998\" d=\"M17.1 0.2v4.7h-2.8q-1.5 0-2.1 0.6t-0.5 1.9v3.4h5.2l-0.7 5.3h-4.5v13.6h-5.5v-13.6h-4.5v-5.3h4.5v-3.9q0-3.3 1.9-5.2t5-1.8q2.6 0 4.1 0.2z\"\/><\/svg><\/span><span class=\"shariff-text\" style=\"color:#3b5998\">teilen<\/span>&nbsp;<span data-service=\"facebook\" style=\"color:#3b5998\" class=\"shariff-count shariff-hidezero\"><\/span>&nbsp;<\/a><\/li><li class=\"shariff-button linkedin shariff-nocustomcolor\" style=\"background-color:#1488bf\"><a href=\"https:\/\/www.linkedin.com\/sharing\/share-offsite\/?url=https%3A%2F%2Fwww.peters-catering.de%2F%3Fpage_id%3D43\" title=\"Bei LinkedIn teilen\" aria-label=\"Bei LinkedIn teilen\" role=\"button\" rel=\"noopener nofollow\" class=\"shariff-link\" style=\"; background-color:#0077b5; color:#0077b5\" target=\"_blank\"><span class=\"shariff-icon\" style=\"fill:#0077b5\"><svg width=\"32px\" height=\"20px\" xmlns=\"http:\/\/www.w3.org\/2000\/svg\" viewBox=\"0 0 27 32\"><path fill=\"#0077b5\" d=\"M6.2 11.2v17.7h-5.9v-17.7h5.9zM6.6 5.7q0 1.3-0.9 2.2t-2.4 0.9h0q-1.5 0-2.4-0.9t-0.9-2.2 0.9-2.2 2.4-0.9 2.4 0.9 0.9 2.2zM27.4 18.7v10.1h-5.9v-9.5q0-1.9-0.7-2.9t-2.3-1.1q-1.1 0-1.9 0.6t-1.2 1.5q-0.2 0.5-0.2 1.4v9.9h-5.9q0-7.1 0-11.6t0-5.3l0-0.9h5.9v2.6h0q0.4-0.6 0.7-1t1-0.9 1.6-0.8 2-0.3q3 0 4.9 2t1.9 6z\"\/><\/svg><\/span><span class=\"shariff-text\" style=\"color:#0077b5\">teilen<\/span>&nbsp;<\/a><\/li><li class=\"shariff-button info shariff-nocustomcolor\" style=\"background-color:#a8a8a8\"><a href=\"https:\/\/www.peters-catering.de\/?page_id=3\" title=\"Weitere Informationen\" aria-label=\"Weitere Informationen\" role=\"button\" rel=\"noopener \" class=\"shariff-link\" style=\"; background-color:#999; color:#999\" target=\"_blank\"><span class=\"shariff-icon\" style=\"fill:#999\"><svg width=\"32px\" height=\"20px\" xmlns=\"http:\/\/www.w3.org\/2000\/svg\" viewBox=\"0 0 11 32\"><path fill=\"#999\" d=\"M11.4 24v2.3q0 0.5-0.3 0.8t-0.8 0.4h-9.1q-0.5 0-0.8-0.4t-0.4-0.8v-2.3q0-0.5 0.4-0.8t0.8-0.4h1.1v-6.8h-1.1q-0.5 0-0.8-0.4t-0.4-0.8v-2.3q0-0.5 0.4-0.8t0.8-0.4h6.8q0.5 0 0.8 0.4t0.4 0.8v10.3h1.1q0.5 0 0.8 0.4t0.3 0.8zM9.2 3.4v3.4q0 0.5-0.4 0.8t-0.8 0.4h-4.6q-0.4 0-0.8-0.4t-0.4-0.8v-3.4q0-0.4 0.4-0.8t0.8-0.4h4.6q0.5 0 0.8 0.4t0.4 0.8z\"\/><\/svg><\/span><\/a><\/li><\/ul><\/div>","protected":false},"author":5,"featured_media":0,"parent":0,"menu_order":0,"comment_status":"closed","ping_status":"closed","template":"template-fullpage.php","meta":{"ngg_post_thumbnail":0,"footnotes":""},"class_list":["post-43","page","type-page","status-publish","hentry"],"yoast_head":"<!-- This site is optimized with the Yoast SEO plugin v25.7 - https:\/\/yoast.com\/wordpress\/plugins\/seo\/ -->\n<title>Galerie - Adria Bad Griesbach<\/title>\n<meta name=\"robots\" content=\"index, follow, max-snippet:-1, max-image-preview:large, max-video-preview:-1\" \/>\n<link rel=\"canonical\" href=\"https:\/\/www.peters-catering.de\/?page_id=43\" \/>\n<meta property=\"og:locale\" content=\"de_DE\" \/>\n<meta property=\"og:type\" content=\"article\" \/>\n<meta property=\"og:title\" content=\"Galerie - Adria Bad Griesbach\" \/>\n<meta property=\"og:description\" content=\"Unsere Bildergalerie nimmt Sie mit auf eine visuelle Reise durch die einladenden R\u00e4umlichkeiten, die kulinarischen Highlights und die unvergleichliche Atmosph\u00e4re, die unser Restaurant zu einem besonderen Ort macht. Genie\u00dfen Sie unsere Gastfreundschaft im Freien In der warmen Jahreszeit \u00f6ffnen wir unsere T\u00fcren auch nach drau\u00dfen und laden Sie ein, unsere Gastfreundschaft unter freiem Himmel zu [&hellip;]\" \/>\n<meta property=\"og:url\" content=\"https:\/\/www.peters-catering.de\/?page_id=43\" \/>\n<meta property=\"og:site_name\" content=\"Adria Bad Griesbach\" \/>\n<meta property=\"article:modified_time\" content=\"2024-02-07T00:06:39+00:00\" \/>\n<meta name=\"twitter:card\" content=\"summary_large_image\" \/>\n<meta name=\"twitter:label1\" content=\"Gesch\u00e4tzte Lesezeit\" \/>\n\t<meta name=\"twitter:data1\" content=\"2\u00a0Minuten\" \/>\n<script type=\"application\/ld+json\" class=\"yoast-schema-graph\">{\"@context\":\"https:\/\/schema.org\",\"@graph\":[{\"@type\":\"WebPage\",\"@id\":\"https:\/\/www.peters-catering.de\/?page_id=43\",\"url\":\"https:\/\/www.peters-catering.de\/?page_id=43\",\"name\":\"Galerie - Adria Bad Griesbach\",\"isPartOf\":{\"@id\":\"https:\/\/www.peters-catering.de\/#website\"},\"datePublished\":\"2019-03-07T21:30:55+00:00\",\"dateModified\":\"2024-02-07T00:06:39+00:00\",\"breadcrumb\":{\"@id\":\"https:\/\/www.peters-catering.de\/?page_id=43#breadcrumb\"},\"inLanguage\":\"de\",\"potentialAction\":[{\"@type\":\"ReadAction\",\"target\":[\"https:\/\/www.peters-catering.de\/?page_id=43\"]}]},{\"@type\":\"BreadcrumbList\",\"@id\":\"https:\/\/www.peters-catering.de\/?page_id=43#breadcrumb\",\"itemListElement\":[{\"@type\":\"ListItem\",\"position\":1,\"name\":\"Startseite\",\"item\":\"https:\/\/www.peters-catering.de\/\"},{\"@type\":\"ListItem\",\"position\":2,\"name\":\"Galerie\"}]},{\"@type\":\"WebSite\",\"@id\":\"https:\/\/www.peters-catering.de\/#website\",\"url\":\"https:\/\/www.peters-catering.de\/\",\"name\":\"Adria Bad Griesbach\",\"description\":\"Bad Griesbach\",\"publisher\":{\"@id\":\"https:\/\/www.peters-catering.de\/#organization\"},\"potentialAction\":[{\"@type\":\"SearchAction\",\"target\":{\"@type\":\"EntryPoint\",\"urlTemplate\":\"https:\/\/www.peters-catering.de\/?s={search_term_string}\"},\"query-input\":{\"@type\":\"PropertyValueSpecification\",\"valueRequired\":true,\"valueName\":\"search_term_string\"}}],\"inLanguage\":\"de\"},{\"@type\":\"Organization\",\"@id\":\"https:\/\/www.peters-catering.de\/#organization\",\"name\":\"Adria Bad Griesbach\",\"url\":\"https:\/\/www.peters-catering.de\/\",\"logo\":{\"@type\":\"ImageObject\",\"inLanguage\":\"de\",\"@id\":\"https:\/\/www.peters-catering.de\/#\/schema\/logo\/image\/\",\"url\":\"https:\/\/www.peters-catering.de\/wp-content\/uploads\/2019\/03\/cropped-Pfief_Logo-1.jpg\",\"contentUrl\":\"https:\/\/www.peters-catering.de\/wp-content\/uploads\/2019\/03\/cropped-Pfief_Logo-1.jpg\",\"width\":185,\"height\":76,\"caption\":\"Adria Bad Griesbach\"},\"image\":{\"@id\":\"https:\/\/www.peters-catering.de\/#\/schema\/logo\/image\/\"}}]}<\/script>\n<!-- \/ Yoast SEO plugin. -->","yoast_head_json":{"title":"Galerie - Adria Bad Griesbach","robots":{"index":"index","follow":"follow","max-snippet":"max-snippet:-1","max-image-preview":"max-image-preview:large","max-video-preview":"max-video-preview:-1"},"canonical":"https:\/\/www.peters-catering.de\/?page_id=43","og_locale":"de_DE","og_type":"article","og_title":"Galerie - Adria Bad Griesbach","og_description":"Unsere Bildergalerie nimmt Sie mit auf eine visuelle Reise durch die einladenden R\u00e4umlichkeiten, die kulinarischen Highlights und die unvergleichliche Atmosph\u00e4re, die unser Restaurant zu einem besonderen Ort macht. Genie\u00dfen Sie unsere Gastfreundschaft im Freien In der warmen Jahreszeit \u00f6ffnen wir unsere T\u00fcren auch nach drau\u00dfen und laden Sie ein, unsere Gastfreundschaft unter freiem Himmel zu [&hellip;]","og_url":"https:\/\/www.peters-catering.de\/?page_id=43","og_site_name":"Adria Bad Griesbach","article_modified_time":"2024-02-07T00:06:39+00:00","twitter_card":"summary_large_image","twitter_misc":{"Gesch\u00e4tzte Lesezeit":"2\u00a0Minuten"},"schema":{"@context":"https:\/\/schema.org","@graph":[{"@type":"WebPage","@id":"https:\/\/www.peters-catering.de\/?page_id=43","url":"https:\/\/www.peters-catering.de\/?page_id=43","name":"Galerie - Adria Bad Griesbach","isPartOf":{"@id":"https:\/\/www.peters-catering.de\/#website"},"datePublished":"2019-03-07T21:30:55+00:00","dateModified":"2024-02-07T00:06:39+00:00","breadcrumb":{"@id":"https:\/\/www.peters-catering.de\/?page_id=43#breadcrumb"},"inLanguage":"de","potentialAction":[{"@type":"ReadAction","target":["https:\/\/www.peters-catering.de\/?page_id=43"]}]},{"@type":"BreadcrumbList","@id":"https:\/\/www.peters-catering.de\/?page_id=43#breadcrumb","itemListElement":[{"@type":"ListItem","position":1,"name":"Startseite","item":"https:\/\/www.peters-catering.de\/"},{"@type":"ListItem","position":2,"name":"Galerie"}]},{"@type":"WebSite","@id":"https:\/\/www.peters-catering.de\/#website","url":"https:\/\/www.peters-catering.de\/","name":"Adria Bad Griesbach","description":"Bad Griesbach","publisher":{"@id":"https:\/\/www.peters-catering.de\/#organization"},"potentialAction":[{"@type":"SearchAction","target":{"@type":"EntryPoint","urlTemplate":"https:\/\/www.peters-catering.de\/?s={search_term_string}"},"query-input":{"@type":"PropertyValueSpecification","valueRequired":true,"valueName":"search_term_string"}}],"inLanguage":"de"},{"@type":"Organization","@id":"https:\/\/www.peters-catering.de\/#organization","name":"Adria Bad Griesbach","url":"https:\/\/www.peters-catering.de\/","logo":{"@type":"ImageObject","inLanguage":"de","@id":"https:\/\/www.peters-catering.de\/#\/schema\/logo\/image\/","url":"https:\/\/www.peters-catering.de\/wp-content\/uploads\/2019\/03\/cropped-Pfief_Logo-1.jpg","contentUrl":"https:\/\/www.peters-catering.de\/wp-content\/uploads\/2019\/03\/cropped-Pfief_Logo-1.jpg","width":185,"height":76,"caption":"Adria Bad Griesbach"},"image":{"@id":"https:\/\/www.peters-catering.de\/#\/schema\/logo\/image\/"}}]}},"jetpack_sharing_enabled":true,"jetpack_shortlink":"https:\/\/wp.me\/PaIVBg-H","_links":{"self":[{"href":"https:\/\/www.peters-catering.de\/index.php?rest_route=\/wp\/v2\/pages\/43","targetHints":{"allow":["GET"]}}],"collection":[{"href":"https:\/\/www.peters-catering.de\/index.php?rest_route=\/wp\/v2\/pages"}],"about":[{"href":"https:\/\/www.peters-catering.de\/index.php?rest_route=\/wp\/v2\/types\/page"}],"author":[{"embeddable":true,"href":"https:\/\/www.peters-catering.de\/index.php?rest_route=\/wp\/v2\/users\/5"}],"replies":[{"embeddable":true,"href":"https:\/\/www.peters-catering.de\/index.php?rest_route=%2Fwp%2Fv2%2Fcomments&post=43"}],"version-history":[{"count":26,"href":"https:\/\/www.peters-catering.de\/index.php?rest_route=\/wp\/v2\/pages\/43\/revisions"}],"predecessor-version":[{"id":597,"href":"https:\/\/www.peters-catering.de\/index.php?rest_route=\/wp\/v2\/pages\/43\/revisions\/597"}],"wp:attachment":[{"href":"https:\/\/www.peters-catering.de\/index.php?rest_route=%2Fwp%2Fv2%2Fmedia&parent=43"}],"curies":[{"name":"wp","href":"https:\/\/api.w.org\/{rel}","templated":true}]}}